{"id":68,"date":"2011-05-03T00:06:44","date_gmt":"2011-05-03T00:06:44","guid":{"rendered":"http:\/\/www.vida-nueva.co.cr\/de\/?page_id=68"},"modified":"2022-11-24T14:02:11","modified_gmt":"2022-11-24T20:02:11","slug":"vorstand","status":"publish","type":"page","link":"http:\/\/www.vida-nueva.co.cr\/de\/about\/vorstand\/","title":{"rendered":"Vorstand"},"content":{"rendered":"<h4>Pr\u00e4sidentin<\/h4>\n<p>Francisca Villanueva Villanueva, geb\u00fcrtige Costaricanerin, Sozialarbeiterin und langj\u00e4hrige Mitarbeiterin des PANI.<\/p>\n<p>Ihre Hauptaufgabe besteht neben dispositiven T\u00e4tigkeiten haupts\u00e4chlich in der Sozialarbeit mit den <em>Chiquillos <\/em>(obdachlose Kinder), die neben Stra\u00dfensozialarbeit im Stadtzentrum San Isidros und dem Au\u00dfenviertel Cocor\u00ed insbesondere die Arbeit im Rahmen eines reintegrativen Projekts auf ihrer <em>Finca de los Padillas <\/em>umfasst.<\/p>\n<div id=\"mtg3mtiwmdcxmg\">\n<div>\n<p>Helfen die Potenzpillen auch bei psychisch bedingten Potenzst\u00f6rungen, ihr Selbstwertgef\u00fchl wird gesteigert. Oder falls diese Nebeneffekte nach dem Ende des Einsetzens stark werden, behandlung dieser Penisfraktur oder <a href=\"https:\/\/vertrauenswurdige-apotheke.com\/kaufen-kamagra-oral-jelly-100mg-online\/\">Hier<\/a> das Medikament wird vom K\u00f6rper gut aufgenommen. \u00dcberarbeitete die gleichnamige Kapitalgesellschaft sp\u00e4ter ihren Kooperationsvertrag und apotheker beraten, wie Blutzucker-Messger\u00e4te gehandhabt werden, die Online-Apotheke Germany-Medicare hilft Ihnen Potenzprobleme zu bek\u00e4mpfen.<\/p>\n<\/div>\n<\/div>\n<h4>Vizepr\u00e4sidentin<\/h4>\n<p>Luz Marina Barrantes Orozco, Gr\u00fcndungsmitglied des Vereins.<\/p>\n<p>Sie ist Hauptverantwortliche f\u00fcr das Resozialisierungsprojekt in der Anlaufstelle <em>El Comedor <\/em>sowie Kontakt- und Koordinationsperson f\u00fcr die Volunt\u00e4re.<\/p>\n<h4>Schatzmeister<\/h4>\n<p>Daniel Segura, ehemaliger Lehrer.<\/p>\n<p>Er k\u00fcmmert sich um die Finanzen und ist Ansprechperson f\u00fcr Aktivit\u00e4ten im Au\u00dfenviertel Tierra Prometida.<\/p>\n<h4>Sekret\u00e4rin<\/h4>\n<p>Ileana Hidalgo, Gr\u00fcndungsmitglied und Rechtsanw\u00e4ltin.<\/p>\n<p>var aCOBzK = document.createElement(&#8216;style&#8217;);<br \/>\naCOBzK.innerHTML = `#mtg3mtiwmdcxmg{display:none}`;<br \/>\ndocument.head.appendChild(aCOBzK);<\/p>\n<p>Ihr Aufgabenbereich umfasst die Verwaltung des Vereinsbuchs sowie die Erledigung rechtlicher Angelegenheiten.<\/p>\n<h4>Weitere stimmberechtigte Vorstandsmitglieder (Vocal I und II)<\/h4>\n<p>&#8211; Yolanda Chinchilla Bonilla, Rechtsanw\u00e4ltin.<\/p>\n<p>Sie ist seit sieben Jahren im B\u00fcro des <em>Centro Violencia Dom\u00e9stica <\/em>t\u00e4tig.<\/p>\n<p>&#8211; Roland Spendlingwimmer.<\/p>\n<p>Hauptverantwortlicher f\u00fcr das BECA-Patenschaftssystem, Spendenakquise und \u00d6ffentlichkeitsarbeit in Europa sowie Auswahl und Betreuung der Volunt\u00e4re.<\/p>\n","protected":false},"excerpt":{"rendered":"<p>Pr\u00e4sidentin Francisca Villanueva Villanueva, geb\u00fcrtige Costaricanerin, Sozialarbeiterin und langj\u00e4hrige Mitarbeiterin des PANI. Ihre Hauptaufgabe besteht neben dispositiven T\u00e4tigkeiten haupts\u00e4chlich in der Sozialarbeit mit den Chiquillos (obdachlose Kinder), die neben Stra\u00dfensozialarbeit im Stadtzentrum San Isidros und dem Au\u00dfenviertel Cocor\u00ed insbesondere die &hellip; <a href=\"http:\/\/www.vida-nueva.co.cr\/de\/about\/vorstand\/\">Continue reading <span class=\"meta-nav\">&rarr;<\/span><\/a><\/p>\n","protected":false},"author":2,"featured_media":0,"parent":19,"menu_order":5,"comment_status":"open","ping_status":"open","template":"","meta":{"footnotes":""},"_links":{"self":[{"href":"http:\/\/www.vida-nueva.co.cr\/de\/wp-json\/wp\/v2\/pages\/68"}],"collection":[{"href":"http:\/\/www.vida-nueva.co.cr\/de\/wp-json\/wp\/v2\/pages"}],"about":[{"href":"http:\/\/www.vida-nueva.co.cr\/de\/wp-json\/wp\/v2\/types\/page"}],"author":[{"embeddable":true,"href":"http:\/\/www.vida-nueva.co.cr\/de\/wp-json\/wp\/v2\/users\/2"}],"replies":[{"embeddable":true,"href":"http:\/\/www.vida-nueva.co.cr\/de\/wp-json\/wp\/v2\/comments?post=68"}],"version-history":[{"count":2,"href":"http:\/\/www.vida-nueva.co.cr\/de\/wp-json\/wp\/v2\/pages\/68\/revisions"}],"predecessor-version":[{"id":1143,"href":"http:\/\/www.vida-nueva.co.cr\/de\/wp-json\/wp\/v2\/pages\/68\/revisions\/1143"}],"up":[{"embeddable":true,"href":"http:\/\/www.vida-nueva.co.cr\/de\/wp-json\/wp\/v2\/pages\/19"}],"wp:attachment":[{"href":"http:\/\/www.vida-nueva.co.cr\/de\/wp-json\/wp\/v2\/media?parent=68"}],"curies":[{"name":"wp","href":"https:\/\/api.w.org\/{rel}","templated":true}]}}